{"id":4308,"date":"2024-08-23T15:39:48","date_gmt":"2024-08-23T13:39:48","guid":{"rendered":"https:\/\/stockeet.ch\/acces\/box-en-alquiler-chavornay\/"},"modified":"2025-03-26T11:47:48","modified_gmt":"2025-03-26T10:47:48","slug":"box-en-alquiler-chavornay","status":"publish","type":"acces","link":"https:\/\/stockeet.ch\/es\/acces\/box-en-alquiler-chavornay\/","title":{"rendered":"Box en alquiler Chavornay"},"content":{"rendered":"\t\t<div data-elementor-type=\"wp-post\" data-elementor-id=\"4308\" class=\"elementor elementor-4308 elementor-2292\" data-elementor-post-type=\"acces\">\n\t\t\t\t<div class=\"elementor-element elementor-element-dcebbcf e-flex e-con-boxed e-con e-parent\" data-id=\"dcebbcf\" data-element_type=\"container\" data-settings=\"{&quot;background_background&quot;:&quot;classic&quot;}\">\n\t\t\t\t\t<div class=\"e-con-inner\">\n\t\t\t\t\t<\/div>\n\t\t\t\t<\/div>\n\t\t<div class=\"elementor-element elementor-element-13e7505 e-flex e-con-boxed e-con e-parent\" data-id=\"13e7505\" data-element_type=\"container\" data-settings=\"{&quot;background_background&quot;:&quot;classic&quot;}\">\n\t\t\t\t\t<div class=\"e-con-inner\">\n\t\t\t\t<div class=\"elementor-element elementor-element-6060a72 elementor-widget elementor-widget-image\" data-id=\"6060a72\" data-element_type=\"widget\" data-widget_type=\"image.default\">\n\t\t\t\t<div class=\"elementor-widget-container\">\n\t\t\t\t\t\t\t\t\t\t\t\t\t\t\t<img fetchpriority=\"high\" decoding=\"async\" width=\"2560\" height=\"1707\" src=\"https:\/\/stockeet.ch\/wp-content\/uploads\/2024\/08\/stockeet_couloir_4-1-Compressify.io_-scaled.jpg\" class=\"attachment-full size-full wp-image-3793\" alt=\"\" srcset=\"https:\/\/stockeet.ch\/wp-content\/uploads\/2024\/08\/stockeet_couloir_4-1-Compressify.io_-scaled.jpg 2560w, https:\/\/stockeet.ch\/wp-content\/uploads\/2024\/08\/stockeet_couloir_4-1-Compressify.io_-300x200.jpg 300w, https:\/\/stockeet.ch\/wp-content\/uploads\/2024\/08\/stockeet_couloir_4-1-Compressify.io_-1024x683.jpg 1024w, https:\/\/stockeet.ch\/wp-content\/uploads\/2024\/08\/stockeet_couloir_4-1-Compressify.io_-768x512.jpg 768w, https:\/\/stockeet.ch\/wp-content\/uploads\/2024\/08\/stockeet_couloir_4-1-Compressify.io_-1536x1024.jpg 1536w, https:\/\/stockeet.ch\/wp-content\/uploads\/2024\/08\/stockeet_couloir_4-1-Compressify.io_-2048x1366.jpg 2048w\" sizes=\"(max-width: 2560px) 100vw, 2560px\" \/>\t\t\t\t\t\t\t\t\t\t\t\t\t\t\t<\/div>\n\t\t\t\t<\/div>\n\t\t\t\t\t<\/div>\n\t\t\t\t<\/div>\n\t\t<div class=\"elementor-element elementor-element-a036edf e-flex e-con-boxed e-con e-parent\" data-id=\"a036edf\" data-element_type=\"container\">\n\t\t\t\t\t<div class=\"e-con-inner\">\n\t\t\t\t<div class=\"elementor-element elementor-element-c8d52a3 elementor-widget elementor-widget-heading\" data-id=\"c8d52a3\" data-element_type=\"widget\" data-widget_type=\"heading.default\">\n\t\t\t\t<div class=\"elementor-widget-container\">\n\t\t\t\t\t<h1 class=\"elementor-heading-title elementor-size-default\">Box en alquiler Chavornay<\/h1>\t\t\t\t<\/div>\n\t\t\t\t<\/div>\n\t\t\t\t<div class=\"elementor-element elementor-element-a978bd3 elementor-widget__width-inherit elementor-widget elementor-widget-text-editor\" data-id=\"a978bd3\" data-element_type=\"widget\" data-widget_type=\"text-editor.default\">\n\t\t\t\t<div class=\"elementor-widget-container\">\n\t\t\t\t\t\t\t\t\t<p>\u00bfBusca espacio adicional para guardar sus efectos personales o sus bienes empresariales? Tanto si es un particular que desea despejar el desorden de su casa, como si es un empresario que desea almacenar bienes accesibles las 24 horas del d\u00eda o una empresa que necesita un almac\u00e9n seguro, Stockeet en Aclens es su soluci\u00f3n ideal, \u00a1a s\u00f3lo 15 minutos de Chavornay! <\/p>\t\t\t\t\t\t\t\t<\/div>\n\t\t\t\t<\/div>\n\t\t<div class=\"elementor-element elementor-element-9c87e6d e-con-full e-flex e-con e-child\" data-id=\"9c87e6d\" data-element_type=\"container\">\n\t\t\t\t<div class=\"elementor-element elementor-element-2f70adf elementor-widget__width-inherit elementor-widget elementor-widget-html\" data-id=\"2f70adf\" data-element_type=\"widget\" data-widget_type=\"html.default\">\n\t\t\t\t<div class=\"elementor-widget-container\">\n\t\t\t\t\t<iframe src=\"https:\/\/www.google.com\/maps\/embed?pb=!1m28!1m12!1m3!1d87658.18482646658!2d6.465316818824931!3d46.640228722022385!2m3!1f0!2f0!3f0!3m2!1i1024!2i768!4f13.1!4m13!3e6!4m5!1s0x478dcc08353c17d9%3A0x4678b8282b97c07c!2sChavornay!3m2!1d46.7088129!2d6.5707689!4m5!1s0x478c35b3b9dd2c3d%3A0xda03c55d4ac4f5ff!2sChem.%20du%20Coteau%2029a%2C%201123%20Aclens!3m2!1d46.570702399999995!2d6.5204062!5e0!3m2!1sfr!2sch!4v1723972791289!5m2!1sfr!2sch\" width=\"600\" height=\"450\" style=\"border:0;\" allowfullscreen=\"\" loading=\"lazy\" referrerpolicy=\"no-referrer-when-downgrade\"><\/iframe> \n\t\t\t\t<\/div>\n\t\t\t\t<\/div>\n\t\t\t\t<div class=\"elementor-element elementor-element-612b680 elementor-align-center elementor-tablet-align-left elementor-invisible elementor-widget elementor-widget-button\" data-id=\"612b680\" data-element_type=\"widget\" data-settings=\"{&quot;_animation&quot;:&quot;fadeInUp&quot;}\" data-widget_type=\"button.default\">\n\t\t\t\t<div class=\"elementor-widget-container\">\n\t\t\t\t\t\t\t\t\t<div class=\"elementor-button-wrapper\">\n\t\t\t\t\t<a class=\"elementor-button elementor-button-link elementor-size-sm\" href=\"https:\/\/reservation.stockeet.ch\/sites\/stockeet-aclens-self-storage-units\" target=\"_blank\">\n\t\t\t\t\t\t<span class=\"elementor-button-content-wrapper\">\n\t\t\t\t\t\t<span class=\"elementor-button-icon\">\n\t\t\t\t<svg xmlns=\"http:\/\/www.w3.org\/2000\/svg\" width=\"28\" height=\"8\" viewBox=\"0 0 28 8\" fill=\"none\"><path id=\"Arrow 1\" d=\"M27.3536 4.19389C27.5488 3.99863 27.5488 3.68204 27.3536 3.48678L24.1716 0.3048C23.9763 0.109538 23.6597 0.109538 23.4645 0.3048C23.2692 0.500062 23.2692 0.816645 23.4645 1.01191L26.2929 3.84033L23.4645 6.66876C23.2692 6.86402 23.2692 7.18061 23.4645 7.37587C23.6597 7.57113 23.9763 7.57113 24.1716 7.37587L27.3536 4.19389ZM-4.37114e-08 4.34033L27 4.34033L27 3.34033L4.37114e-08 3.34033L-4.37114e-08 4.34033Z\" fill=\"#F6F6F9\"><\/path><\/svg>\t\t\t<\/span>\n\t\t\t\t\t\t\t\t\t<span class=\"elementor-button-text\">Descubra las cajas<\/span>\n\t\t\t\t\t<\/span>\n\t\t\t\t\t<\/a>\n\t\t\t\t<\/div>\n\t\t\t\t\t\t\t\t<\/div>\n\t\t\t\t<\/div>\n\t\t\t\t<\/div>\n\t\t\t\t\t<\/div>\n\t\t\t\t<\/div>\n\t\t<div class=\"elementor-element elementor-element-90b2ed9 e-flex e-con-boxed e-con e-parent\" data-id=\"90b2ed9\" data-element_type=\"container\">\n\t\t\t\t\t<div class=\"e-con-inner\">\n\t\t\t\t<div class=\"elementor-element elementor-element-951e701 elementor-widget elementor-widget-heading\" data-id=\"951e701\" data-element_type=\"widget\" data-widget_type=\"heading.default\">\n\t\t\t\t<div class=\"elementor-widget-container\">\n\t\t\t\t\t<h2 class=\"elementor-heading-title elementor-size-default\"><strong>Particulares en Chavornay: gane espacio en su vivienda con toda tranquilidad<\/strong><\/h2>\t\t\t\t<\/div>\n\t\t\t\t<\/div>\n\t\t\t\t<div class=\"elementor-element elementor-element-097747d elementor-widget__width-inherit elementor-widget elementor-widget-text-editor\" data-id=\"097747d\" data-element_type=\"widget\" data-widget_type=\"text-editor.default\">\n\t\t\t\t<div class=\"elementor-widget-container\">\n\t\t\t\t\t\t\t\t\t<p>Tanto si le falta espacio para guardar sus enseres de temporada, como si est\u00e1 preparando una mudanza u obras, o simplemente quiere organizar su espacio vital, Stockeet le ofrece soluciones de almacenamiento pr\u00e1cticas y personalizadas.<\/p>\t\t\t\t\t\t\t\t<\/div>\n\t\t\t\t<\/div>\n\t\t\t\t<div class=\"elementor-element elementor-element-b8cf82c elementor-widget elementor-widget-text-editor\" data-id=\"b8cf82c\" data-element_type=\"widget\" data-widget_type=\"text-editor.default\">\n\t\t\t\t<div class=\"elementor-widget-container\">\n\t\t\t\t\t\t\t\t\t<ol>\n \t<li style=\"list-style-type: none;\">\n<ol>\n\n<\/ol><ul>\n \t<li><strong>Almacenamiento de temporada:<\/strong> mantenga a salvo su equipo de temporada, como esqu\u00eds, bicicletas o muebles de jard\u00edn, y disfrute de un espacio despejado en su casa, disponible todo el a\u00f1o.<\/li>\n \t<li><strong>Mudanzas o reformas:<\/strong> Guarde temporalmente sus muebles y efectos personales mientras se muda o hace reformas, y benef\u00edciese de un espacio seguro para evitar cualquier estr\u00e9s.<\/li>\n \t<li><strong>Conservaci\u00f3n de recuerdos:<\/strong> Proteja sus preciados recuerdos y otros objetos de valor en un entorno seguro, al tiempo que libera espacio en su casa o piso.<\/li>\n<\/ul>\n\n<\/li><\/ol>\n\n\t\t\t\t\t\t\t\t<\/div>\n\t\t\t\t<\/div>\n\t\t\t\t<div class=\"elementor-element elementor-element-dde633e elementor-widget elementor-widget-heading\" data-id=\"dde633e\" data-element_type=\"widget\" data-widget_type=\"heading.default\">\n\t\t\t\t<div class=\"elementor-widget-container\">\n\t\t\t\t\t<h2 class=\"elementor-heading-title elementor-size-default\"><strong>Empresas en Chavornay: optimice su espacio de trabajo y su log\u00edstica<\/strong><\/h2>\t\t\t\t<\/div>\n\t\t\t\t<\/div>\n\t\t\t\t<div class=\"elementor-element elementor-element-4ea73a7 elementor-widget__width-inherit elementor-widget elementor-widget-text-editor\" data-id=\"4ea73a7\" data-element_type=\"widget\" data-widget_type=\"text-editor.default\">\n\t\t\t\t<div class=\"elementor-widget-container\">\n\t\t\t\t\t\t\t\t\t<p>La gesti\u00f3n eficiente del espacio es esencial para el \u00e9xito de cualquier empresa. Tanto si necesita almacenar mercanc\u00edas como archivar documentos o gestionar el exceso de existencias, Stockeet ofrece soluciones de almacenamiento flexibles y seguras adaptadas a las necesidades de su empresa. <\/p>\t\t\t\t\t\t\t\t<\/div>\n\t\t\t\t<\/div>\n\t\t\t\t<div class=\"elementor-element elementor-element-b2e03b6 elementor-widget elementor-widget-text-editor\" data-id=\"b2e03b6\" data-element_type=\"widget\" data-widget_type=\"text-editor.default\">\n\t\t\t\t<div class=\"elementor-widget-container\">\n\t\t\t\t\t\t\t\t\t<ol>\n \t<li style=\"list-style-type: none;\">\n<ol>\n\n<\/ol><ul>\n \t<li><strong>Almacenamiento de mercanc\u00edas:<\/strong> Almacene sus productos, equipos o excedentes de existencias para una mayor eficacia y flexibilidad. Ideal para minoristas, artesanos y empresas de distribuci\u00f3n. <\/li>\n \t<li><strong>Archivado seguro:<\/strong> conserve sus documentos empresariales y archivos confidenciales en un entorno seguro y conforme a la normativa, al tiempo que libera espacio en sus oficinas.<\/li>\n \t<li><strong>Log\u00edstica simplificada:<\/strong> benef\u00edciese de un acceso r\u00e1pido y sencillo a sus existencias, con acceso 24 horas al d\u00eda, 7 d\u00edas a la semana, lo que le permitir\u00e1 gestionar de forma \u00f3ptima sus flujos de mercanc\u00edas, ya sea a corto o largo plazo.<\/li>\n<\/ul>\n\n<\/li><\/ol>\n\n\t\t\t\t\t\t\t\t<\/div>\n\t\t\t\t<\/div>\n\t\t\t\t\t<\/div>\n\t\t\t\t<\/div>\n\t\t<div class=\"elementor-element elementor-element-1e18ada e-flex e-con-boxed e-con e-parent\" data-id=\"1e18ada\" data-element_type=\"container\">\n\t\t\t\t\t<div class=\"e-con-inner\">\n\t\t<div class=\"elementor-element elementor-element-d759da2 e-con-full e-flex e-con e-child\" data-id=\"d759da2\" data-element_type=\"container\">\n\t\t\t\t<div class=\"elementor-element elementor-element-03a037c elementor-widget elementor-widget-heading\" data-id=\"03a037c\" data-element_type=\"widget\" data-widget_type=\"heading.default\">\n\t\t\t\t<div class=\"elementor-widget-container\">\n\t\t\t\t\t<h2 class=\"elementor-heading-title elementor-size-default\"><strong>Stockeet en Aclens : La soluci\u00f3n de almacenamiento cerca de Chavornay<\/strong><\/h2>\t\t\t\t<\/div>\n\t\t\t\t<\/div>\n\t\t\t\t<div class=\"elementor-element elementor-element-da1da6b elementor-widget elementor-widget-text-editor\" data-id=\"da1da6b\" data-element_type=\"widget\" data-widget_type=\"text-editor.default\">\n\t\t\t\t<div class=\"elementor-widget-container\">\n\t\t\t\t\t\t\t\t\t<p>Situado a pocos minutos de Chavornay, nuestro almac\u00e9n de Aclens le ofrece una soluci\u00f3n pr\u00e1ctica y segura para todas sus necesidades, ya sea un particular o una empresa.<\/p>\t\t\t\t\t\t\t\t<\/div>\n\t\t\t\t<\/div>\n\t\t\t\t<\/div>\n\t\t<div class=\"elementor-element elementor-element-5175999 e-con-full e-flex e-con e-child\" data-id=\"5175999\" data-element_type=\"container\">\n\t\t<div class=\"elementor-element elementor-element-b4c166e e-flex e-con-boxed elementor-invisible e-con e-child\" data-id=\"b4c166e\" data-element_type=\"container\" data-settings=\"{&quot;animation&quot;:&quot;fadeIn&quot;}\">\n\t\t\t\t\t<div class=\"e-con-inner\">\n\t\t\t\t<div class=\"elementor-element elementor-element-826a36c elementor-widget elementor-widget-text-editor\" data-id=\"826a36c\" data-element_type=\"widget\" data-widget_type=\"text-editor.default\">\n\t\t\t\t<div class=\"elementor-widget-container\">\n\t\t\t\t\t\t\t\t\t<p>1.<\/p>\t\t\t\t\t\t\t\t<\/div>\n\t\t\t\t<\/div>\n\t\t<div class=\"elementor-element elementor-element-8db44d7 e-con-full e-flex e-con e-child\" data-id=\"8db44d7\" data-element_type=\"container\">\n\t\t\t\t<div class=\"elementor-element elementor-element-eff455c elementor-widget__width-initial elementor-widget elementor-widget-text-editor\" data-id=\"eff455c\" data-element_type=\"widget\" data-widget_type=\"text-editor.default\">\n\t\t\t\t<div class=\"elementor-widget-container\">\n\t\t\t\t\t\t\t\t\t<strong>Seguridad y tranquilidad :<\/strong>\t\t\t\t\t\t\t\t<\/div>\n\t\t\t\t<\/div>\n\t\t\t\t<div class=\"elementor-element elementor-element-94c1e7e elementor-widget__width-initial elementor-widget elementor-widget-text-editor\" data-id=\"94c1e7e\" data-element_type=\"widget\" data-widget_type=\"text-editor.default\">\n\t\t\t\t<div class=\"elementor-widget-container\">\n\t\t\t\t\t\t\t\t\t<p>La seguridad de sus pertenencias es muy importante para nosotros. Nuestras instalaciones est\u00e1n equipadas con sistemas de videovigilancia 24\/7, acceso controlado por c\u00f3digo personal y dispositivos de protecci\u00f3n contra incendios, lo que garantiza que sus pertenencias est\u00e9n siempre a salvo. <\/p>\t\t\t\t\t\t\t\t<\/div>\n\t\t\t\t<\/div>\n\t\t\t\t<\/div>\n\t\t\t\t\t<\/div>\n\t\t\t\t<\/div>\n\t\t<div class=\"elementor-element elementor-element-6238703 e-flex e-con-boxed elementor-invisible e-con e-child\" data-id=\"6238703\" data-element_type=\"container\" data-settings=\"{&quot;animation&quot;:&quot;fadeIn&quot;}\">\n\t\t\t\t\t<div class=\"e-con-inner\">\n\t\t\t\t<div class=\"elementor-element elementor-element-3471fd8 elementor-widget elementor-widget-text-editor\" data-id=\"3471fd8\" data-element_type=\"widget\" data-widget_type=\"text-editor.default\">\n\t\t\t\t<div class=\"elementor-widget-container\">\n\t\t\t\t\t\t\t\t\t<p>2.<\/p>\t\t\t\t\t\t\t\t<\/div>\n\t\t\t\t<\/div>\n\t\t<div class=\"elementor-element elementor-element-5682900 e-con-full e-flex e-con e-child\" data-id=\"5682900\" data-element_type=\"container\">\n\t\t\t\t<div class=\"elementor-element elementor-element-d72cd36 elementor-widget__width-initial elementor-widget elementor-widget-text-editor\" data-id=\"d72cd36\" data-element_type=\"widget\" data-widget_type=\"text-editor.default\">\n\t\t\t\t<div class=\"elementor-widget-container\">\n\t\t\t\t\t\t\t\t\t<strong>Flexibilidad y adaptabilidad :<\/strong>\n\t\t\t\t\t\t\t\t<\/div>\n\t\t\t\t<\/div>\n\t\t\t\t<div class=\"elementor-element elementor-element-e126c2c elementor-widget__width-initial elementor-widget elementor-widget-text-editor\" data-id=\"e126c2c\" data-element_type=\"widget\" data-widget_type=\"text-editor.default\">\n\t\t\t\t<div class=\"elementor-widget-container\">\n\t\t\t\t\t\t\t\t\t<p>Ofrecemos una amplia gama de tama\u00f1os de unidades de almacenamiento, con contratos flexibles para satisfacer exactamente sus necesidades. Tanto si necesita espacio temporal como almacenamiento a largo plazo, tenemos la soluci\u00f3n adecuada para usted. <\/p>\t\t\t\t\t\t\t\t<\/div>\n\t\t\t\t<\/div>\n\t\t\t\t<\/div>\n\t\t\t\t\t<\/div>\n\t\t\t\t<\/div>\n\t\t<div class=\"elementor-element elementor-element-c8c439f e-flex e-con-boxed elementor-invisible e-con e-child\" data-id=\"c8c439f\" data-element_type=\"container\" data-settings=\"{&quot;animation&quot;:&quot;fadeIn&quot;}\">\n\t\t\t\t\t<div class=\"e-con-inner\">\n\t\t\t\t<div class=\"elementor-element elementor-element-a17a251 elementor-widget elementor-widget-text-editor\" data-id=\"a17a251\" data-element_type=\"widget\" data-widget_type=\"text-editor.default\">\n\t\t\t\t<div class=\"elementor-widget-container\">\n\t\t\t\t\t\t\t\t\t<p>3.<\/p>\t\t\t\t\t\t\t\t<\/div>\n\t\t\t\t<\/div>\n\t\t<div class=\"elementor-element elementor-element-8bf213c e-con-full e-flex e-con e-child\" data-id=\"8bf213c\" data-element_type=\"container\">\n\t\t\t\t<div class=\"elementor-element elementor-element-3f36fc2 elementor-widget__width-initial elementor-widget elementor-widget-text-editor\" data-id=\"3f36fc2\" data-element_type=\"widget\" data-widget_type=\"text-editor.default\">\n\t\t\t\t<div class=\"elementor-widget-container\">\n\t\t\t\t\t\t\t\t\t<strong>Accesibilidad y practicidad :<\/strong>\n\t\t\t\t\t\t\t\t<\/div>\n\t\t\t\t<\/div>\n\t\t\t\t<div class=\"elementor-element elementor-element-dabfeed elementor-widget__width-initial elementor-widget elementor-widget-text-editor\" data-id=\"dabfeed\" data-element_type=\"widget\" data-widget_type=\"text-editor.default\">\n\t\t\t\t<div class=\"elementor-widget-container\">\n\t\t\t\t\t\t\t\t\t<p>Nuestros espacios de almacenamiento son de f\u00e1cil acceso, con pr\u00e1cticas zonas de descarga, carros disponibles y ascensores para facilitar el transporte de sus pertenencias. Nuestro horario de apertura 24\/7 le permite recoger o dejar sus pertenencias cuando m\u00e1s le convenga. <\/p>\t\t\t\t\t\t\t\t<\/div>\n\t\t\t\t<\/div>\n\t\t\t\t<\/div>\n\t\t\t\t\t<\/div>\n\t\t\t\t<\/div>\n\t\t\t\t<\/div>\n\t\t\t\t\t<\/div>\n\t\t\t\t<\/div>\n\t\t<div class=\"elementor-element elementor-element-4d6d6e0 e-flex e-con-boxed e-con e-parent\" data-id=\"4d6d6e0\" data-element_type=\"container\">\n\t\t\t\t\t<div class=\"e-con-inner\">\n\t\t\t\t<div class=\"elementor-element elementor-element-56e72b9 elementor-widget__width-inherit elementor-widget elementor-widget-html\" data-id=\"56e72b9\" data-element_type=\"widget\" data-widget_type=\"html.default\">\n\t\t\t\t<div class=\"elementor-widget-container\">\n\t\t\t\t\t<iframe src=\"https:\/\/www.google.com\/maps\/embed?pb=!1m28!1m12!1m3!1d87658.18482646658!2d6.465316818824931!3d46.640228722022385!2m3!1f0!2f0!3f0!3m2!1i1024!2i768!4f13.1!4m13!3e6!4m5!1s0x478dcc08353c17d9%3A0x4678b8282b97c07c!2sChavornay!3m2!1d46.7088129!2d6.5707689!4m5!1s0x478c35b3b9dd2c3d%3A0xda03c55d4ac4f5ff!2sChem.%20du%20Coteau%2029a%2C%201123%20Aclens!3m2!1d46.570702399999995!2d6.5204062!5e0!3m2!1sfr!2sch!4v1723972791289!5m2!1sfr!2sch\" width=\"600\" height=\"450\" style=\"border:0;\" allowfullscreen=\"\" loading=\"lazy\" referrerpolicy=\"no-referrer-when-downgrade\"><\/iframe> \n\t\t\t\t<\/div>\n\t\t\t\t<\/div>\n\t\t<div class=\"elementor-element elementor-element-3e76c61 e-con-full e-flex e-con e-child\" data-id=\"3e76c61\" data-element_type=\"container\">\n\t\t\t\t<div class=\"elementor-element elementor-element-ea1c0fe elementor-widget elementor-widget-heading\" data-id=\"ea1c0fe\" data-element_type=\"widget\" data-widget_type=\"heading.default\">\n\t\t\t\t<div class=\"elementor-widget-container\">\n\t\t\t\t\t<h3 class=\"elementor-heading-title elementor-size-default\"><strong>C\u00f3mo llegar desde Chavornay<\/strong><\/h3>\t\t\t\t<\/div>\n\t\t\t\t<\/div>\n\t\t\t\t<div class=\"elementor-element elementor-element-d16f341 elementor-widget elementor-widget-text-editor\" data-id=\"d16f341\" data-element_type=\"widget\" data-widget_type=\"text-editor.default\">\n\t\t\t\t<div class=\"elementor-widget-container\">\n\t\t\t\t\t\t\t\t\t<p>Nuestras instalaciones de Aclens est\u00e1n situadas a unos 20 minutos de Chavornay, con acceso r\u00e1pido y f\u00e1cil en coche.<\/p>\t\t\t\t\t\t\t\t<\/div>\n\t\t\t\t<\/div>\n\t\t\t\t<div class=\"elementor-element elementor-element-06858d8 elementor-align-center elementor-invisible elementor-widget elementor-widget-button\" data-id=\"06858d8\" data-element_type=\"widget\" data-settings=\"{&quot;_animation&quot;:&quot;fadeInUp&quot;}\" data-widget_type=\"button.default\">\n\t\t\t\t<div class=\"elementor-widget-container\">\n\t\t\t\t\t\t\t\t\t<div class=\"elementor-button-wrapper\">\n\t\t\t\t\t<a class=\"elementor-button elementor-button-link elementor-size-sm\" href=\"https:\/\/reservation.stockeet.ch\/sites\/stockeet-aclens-self-storage-units\" target=\"_blank\">\n\t\t\t\t\t\t<span class=\"elementor-button-content-wrapper\">\n\t\t\t\t\t\t<span class=\"elementor-button-icon\">\n\t\t\t\t<svg xmlns=\"http:\/\/www.w3.org\/2000\/svg\" width=\"28\" height=\"8\" viewBox=\"0 0 28 8\" fill=\"none\"><path id=\"Arrow 1\" d=\"M27.3536 4.19389C27.5488 3.99863 27.5488 3.68204 27.3536 3.48678L24.1716 0.3048C23.9763 0.109538 23.6597 0.109538 23.4645 0.3048C23.2692 0.500062 23.2692 0.816645 23.4645 1.01191L26.2929 3.84033L23.4645 6.66876C23.2692 6.86402 23.2692 7.18061 23.4645 7.37587C23.6597 7.57113 23.9763 7.57113 24.1716 7.37587L27.3536 4.19389ZM-4.37114e-08 4.34033L27 4.34033L27 3.34033L4.37114e-08 3.34033L-4.37114e-08 4.34033Z\" fill=\"#F6F6F9\"><\/path><\/svg>\t\t\t<\/span>\n\t\t\t\t\t\t\t\t\t<span class=\"elementor-button-text\">Descubra las cajas<\/span>\n\t\t\t\t\t<\/span>\n\t\t\t\t\t<\/a>\n\t\t\t\t<\/div>\n\t\t\t\t\t\t\t\t<\/div>\n\t\t\t\t<\/div>\n\t\t\t\t<div class=\"elementor-element elementor-element-007923a elementor-widget elementor-widget-text-editor\" data-id=\"007923a\" data-element_type=\"widget\" data-widget_type=\"text-editor.default\">\n\t\t\t\t<div class=\"elementor-widget-container\">\n\t\t\t\t\t\t\t\t\tSi desea m\u00e1s informaci\u00f3n, reservar su espacio de almacenamiento o concertar una visita, visite nuestro sitio web <a href=\"https:\/\/www.stockeet.ch\" target=\"_new\" rel=\"noopener\">Stockeet.ch<\/a> o p\u00f3ngase en contacto con nosotros directamente en el 021 800 30 00. Nuestro equipo est\u00e1 a su disposici\u00f3n para ayudarle y responder a todas sus preguntas. \t\t\t\t\t\t\t\t<\/div>\n\t\t\t\t<\/div>\n\t\t\t\t<\/div>\n\t\t\t\t\t<\/div>\n\t\t\t\t<\/div>\n\t\t<div class=\"elementor-element elementor-element-c986ad1 e-flex e-con-boxed e-con e-parent\" data-id=\"c986ad1\" data-element_type=\"container\">\n\t\t\t\t\t<div class=\"e-con-inner\">\n\t\t\t\t<div class=\"elementor-element elementor-element-e9589ba elementor-widget elementor-widget-text-editor\" data-id=\"e9589ba\" data-element_type=\"widget\" data-widget_type=\"text-editor.default\">\n\t\t\t\t<div class=\"elementor-widget-container\">\n\t\t\t\t\t\t\t\t\t<p>No deje que la falta de espacio sea un obst\u00e1culo para su comodidad o el crecimiento de su negocio. Con Stockeet, ganar\u00e1 en tranquilidad y eficacia, ya sea un particular o una empresa. Estamos deseando darle la bienvenida a Aclens y mostrarle c\u00f3mo podemos satisfacer todas sus necesidades de almacenamiento.  <\/p>\t\t\t\t\t\t\t\t<\/div>\n\t\t\t\t<\/div>\n\t\t\t\t<div class=\"elementor-element elementor-element-90f6732 elementor-widget elementor-widget-text-editor\" data-id=\"90f6732\" data-element_type=\"widget\" data-widget_type=\"text-editor.default\">\n\t\t\t\t<div class=\"elementor-widget-container\">\n\t\t\t\t\t\t\t\t\t\u00a1Hasta pronto en Stockeet.ch!\n\t\t\t\t\t\t\t\t<\/div>\n\t\t\t\t<\/div>\n\t\t\t\t<div class=\"elementor-element elementor-element-ad1ffc9 elementor-widget elementor-widget-text-editor\" data-id=\"ad1ffc9\" data-element_type=\"widget\" data-widget_type=\"text-editor.default\">\n\t\t\t\t<div class=\"elementor-widget-container\">\n\t\t\t\t\t\t\t\t\t<strong>El equipo de Stockeet<\/strong><br>Su socio de confianza en materia de almacenamiento en Aclens, cerca de Chavornay.\n\t\t\t\t\t\t\t\t<\/div>\n\t\t\t\t<\/div>\n\t\t\t\t\t<\/div>\n\t\t\t\t<\/div>\n\t\t\t\t<\/div>\n\t\t","protected":false},"featured_media":3358,"template":"","meta":{"_acf_changed":false},"class_list":["post-4308","acces","type-acces","status-publish","has-post-thumbnail","hentry"],"acf":[],"_links":{"self":[{"href":"https:\/\/stockeet.ch\/es\/wp-json\/wp\/v2\/acces\/4308","targetHints":{"allow":["GET"]}}],"collection":[{"href":"https:\/\/stockeet.ch\/es\/wp-json\/wp\/v2\/acces"}],"about":[{"href":"https:\/\/stockeet.ch\/es\/wp-json\/wp\/v2\/types\/acces"}],"version-history":[{"count":1,"href":"https:\/\/stockeet.ch\/es\/wp-json\/wp\/v2\/acces\/4308\/revisions"}],"predecessor-version":[{"id":4310,"href":"https:\/\/stockeet.ch\/es\/wp-json\/wp\/v2\/acces\/4308\/revisions\/4310"}],"wp:featuredmedia":[{"embeddable":true,"href":"https:\/\/stockeet.ch\/es\/wp-json\/wp\/v2\/media\/3358"}],"wp:attachment":[{"href":"https:\/\/stockeet.ch\/es\/wp-json\/wp\/v2\/media?parent=4308"}],"curies":[{"name":"wp","href":"https:\/\/api.w.org\/{rel}","templated":true}]}}